{"id":7,"date":"2011-06-02T20:52:10","date_gmt":"2011-06-02T20:52:10","guid":{"rendered":"http:\/\/74.52.193.26\/~alemanxa\/?page_id=7"},"modified":"2015-05-29T23:01:36","modified_gmt":"2015-05-29T23:01:36","slug":"servicios","status":"publish","type":"page","link":"http:\/\/www.alemanxaleman.com.ar\/?page_id=7","title":{"rendered":"Servicios"},"content":{"rendered":"<h3>CURSOS<\/h3>\n<p>El horario de los cursos se establece por per\u00edodo anual, pudiendo modificarse s\u00f3lo de com\u00fan acuerdo con todo el grupo pertinente.<br \/>\nLas clases individuales tendr\u00e1n su horario fijado por mutuo acuerdo entre docente y alumno.<\/p>\n<p>Para conocer los niveles de los cursos, haga click en Niveles. Si desea informaci\u00f3n respecto a los horarios, por favor comun\u00edquese con secretar\u00eda personalmente, por mail o a tel\u00e9fonos indicados en Contacto<strong>.<\/strong><\/p>\n<p><strong>&gt;&gt; <a href=\"http:\/\/www.alemanxaleman.com.ar\/?page_id=93\">Niveles<\/a><\/strong><\/p>\n<h3>TRADUCCIONES<\/h3>\n<p>Ofrecemos nuestro servicio de traducci\u00f3n a trav\u00e9s de la traductora matriculada Patricia Burgio \u2013 Matr\u00edcula Profesional N\u00ba 133 -, miembro del Colegio de Traductores de la Provincia de C\u00f3rdoba (http:\/\/www.coltrad-cba.com.ar).<br \/>\nEl <strong>Traductor P\u00fablico<\/strong> es un profesional universitario, cuya formaci\u00f3n especializada lo capacita para efectuar traducciones de toda \u00edndole. Este profesional es la \u00fanica persona habilitada de hecho y por derecho para ejercer la profesi\u00f3n de traductor.<br \/>\nSi necesita traducir documentos p\u00fablicos recuerde que los actos del matriculado en este Colegio hacen fe p\u00fablica, tienen plena validez ante la ley y son oponibles a terceros.<br \/>\nY si se trata de textos y documentos t\u00e9cnicos, cient\u00edficos, comerciales, folletos tur\u00edsticos, publicitarios, etc. conf\u00ede en un profesional id\u00f3neo, competente y con t\u00edtulo habilitante.<br \/>\nConsulte presupuesto y fecha de realizaci\u00f3n del trabajo a: <strong>traducciones@alemanxaleman.com.ar<\/strong><\/p>\n","protected":false},"excerpt":{"rendered":"<p>CURSOS El horario de los cursos se establece por per\u00edodo anual, pudiendo modificarse s\u00f3lo de com\u00fan acuerdo con todo el grupo pertinente. Las clases individuales tendr\u00e1n su horario fijado por mutuo acuerdo entre docente y alumno. Para conocer los niveles de los cursos, haga click en Niveles. Si desea informaci\u00f3n respecto a los horarios, por [&hellip;]<\/p>\n","protected":false},"author":1,"featured_media":0,"parent":0,"menu_order":0,"comment_status":"closed","ping_status":"closed","template":"","meta":[],"_links":{"self":[{"href":"http:\/\/www.alemanxaleman.com.ar\/index.php?rest_route=\/wp\/v2\/pages\/7"}],"collection":[{"href":"http:\/\/www.alemanxaleman.com.ar\/index.php?rest_route=\/wp\/v2\/pages"}],"about":[{"href":"http:\/\/www.alemanxaleman.com.ar\/index.php?rest_route=\/wp\/v2\/types\/page"}],"author":[{"embeddable":true,"href":"http:\/\/www.alemanxaleman.com.ar\/index.php?rest_route=\/wp\/v2\/users\/1"}],"replies":[{"embeddable":true,"href":"http:\/\/www.alemanxaleman.com.ar\/index.php?rest_route=%2Fwp%2Fv2%2Fcomments&post=7"}],"version-history":[{"count":26,"href":"http:\/\/www.alemanxaleman.com.ar\/index.php?rest_route=\/wp\/v2\/pages\/7\/revisions"}],"predecessor-version":[{"id":60,"href":"http:\/\/www.alemanxaleman.com.ar\/index.php?rest_route=\/wp\/v2\/pages\/7\/revisions\/60"}],"wp:attachment":[{"href":"http:\/\/www.alemanxaleman.com.ar\/index.php?rest_route=%2Fwp%2Fv2%2Fmedia&parent=7"}],"curies":[{"name":"wp","href":"https:\/\/api.w.org\/{rel}","templated":true}]}}